{"id":1402,"date":"2025-04-09T20:17:37","date_gmt":"2025-04-09T18:17:37","guid":{"rendered":"https:\/\/autoselizabeth.com\/my-reservation\/"},"modified":"2025-10-01T21:57:54","modified_gmt":"2025-10-01T19:57:54","slug":"meine-reservierung","status":"publish","type":"page","link":"https:\/\/autoselizabeth.com\/de\/meine-reservierung\/","title":{"rendered":"Meine Reservierung"},"content":{"rendered":"<div class=\"wpb-content-wrapper\">[vc_row][vc_column][vc_empty_space][vc_column_text css=&#8220;&#8220;]\r\n<h6 style=\"text-align: center;\"><span style=\"color: #ff0000;\"><span style=\"color: #000000;\">IN ORDER FOR YOUR DATA TO BE REGISTERED CORRECTLY,<\/span> <strong>YOU MUST CLICK ON THE \u2018UPDATE\u2019 BUTTON DURING THE PROCESS<\/strong><\/span><\/h6>\r\n[\/vc_column_text][vc_column_text css=&#8220;&#8220;]\r\n<p style=\"text-align: center;\">\n<div class=\"mybooking-process-page \">\n  <section class=\"mybooking mybooking-process_reservation mybooking-page-container\">\n    <!-- Reservation steps -->\n    <div id=\"mybooking_reservation_steps\"><\/div>\n    <!-- \/\/ Multiple products items (script_mybooking-summary_product_detail_table) -->\n    <div id=\"mybooking_summary_product_detail_table\"><\/div>\n\n    <!-- Reservation summary -->\n    <div id=\"reservation_detail\"><\/div>\n  <\/section>\n<\/div>\n\n<!-- Modal ------------------------------------------------------------>\n\n<div class=\"mybooking mybooking-detail_modal mybooking-modal modal-mybooking\" tabindex=\"-1\" role=\"dialog\" id=\"modalSignatureValidation_MBM\">\n  <h3 class=\"mybooking-modal_title mb-modal_title\"><\/h3>\n  <div class=\"mybooking-modal_body mb-modal_body\"><\/div>\n<\/div>\r\n\r\n&nbsp;\r\n\r\n[\/vc_column_text][\/vc_column][\/vc_row][vc_row css=&#8220;.vc_custom_1750579037102{background-color: #FFFFFF !important;border-radius: 3px !important;}&#8220;][vc_column][vc_column_text css=&#8220;&#8220;]Bez\u00fcglich der Verarbeitung Ihrer personenbezogenen Daten f\u00fcr Kontakt und Reservierungen informieren wir Sie \u00fcber Folgendes:\r\n<ul>\r\n \t<li><strong>Informationen zum Datenschutz:<\/strong> Gem\u00e4\u00df der Datenschutz-Grundverordnung (EU) 2016\/679.<\/li>\r\n \t<li><strong>Verantwortlicher:<\/strong> Autos Elizabeth Rent a Car SL, Camino las Cuestas 13, 35572, T\u00edas (LAS PALMAS).<\/li>\r\n \t<li><strong>Zweck der Verarbeitung f\u00fcr die Dauer unserer Beziehung und solange uns Ihre Einwilligung vorliegt:<\/strong> Versand von Informationen, Beantwortung Ihrer Fragen und Anfragen. Zwecke des Direktmarketings. Bearbeitung Ihrer Anfragen, Pflege der Gesch\u00e4ftsbeziehung. Alles im Zusammenhang mit dieser Website sowie der Erf\u00fcllung des Mietwagenvertrags mit uns.<\/li>\r\n \t<li><strong>Es werden keine Daten an Dritte weitergegeben, es sei denn, dies ist gesetzlich vorgeschrieben.<\/strong> Ihre personenbezogenen Daten werden nicht offengelegt, es sei denn, dies ist zur Erf\u00fcllung einer gesetzlichen Verpflichtung erforderlich, der der Verantwortliche unterliegt.<\/li>\r\n \t<li><strong>Rechtsgrundlage der Verarbeitung:<\/strong> Erf\u00fcllung eines Vertrags, gesetzliche Verpflichtung (K\u00f6nigliches Dekret 933\/2021) und berechtigtes Interesse des Verantwortlichen.<\/li>\r\n \t<li><strong>Rechte in Bezug auf Ihre Daten:<\/strong> Sie haben das Recht auf Zugang, Berichtigung, L\u00f6schung und \u00dcbertragbarkeit Ihrer Daten sowie das Recht auf Einschr\u00e4nkung der Verarbeitung und Widerspruch dagegen, indem Sie Ihre Anfrage zusammen mit einem Identit\u00e4tsnachweis an den Verantwortlichen richten. Sie k\u00f6nnen die L\u00f6schung aller personenbezogenen Daten verlangen, die wir \u00fcber Sie gespeichert haben. Dies gilt nicht f\u00fcr Daten, die wir aus administrativen, rechtlichen oder sicherheitsrelevanten Gr\u00fcnden aufbewahren m\u00fcssen. Sie k\u00f6nnen Ihre Rechte auf Zugang, Berichtigung, L\u00f6schung und \u00dcbertragbarkeit Ihrer Daten sowie die Einschr\u00e4nkung oder den Widerspruch gegen die Verarbeitung auch \u00fcber unser RECHTE-PORTAL unter folgendem Link aus\u00fcben: <a href=\"https:\/\/www.adelopd.com\/portalderechos\/elizabeth-rent-a-car-sl\" target=\"_blank\" rel=\"noopener\">https:\/\/www.adelopd.com\/portalderechos\/elizabeth-rent-a-car-sl<\/a>\u00a0Wenn Sie mit der Verarbeitung nicht einverstanden sind, haben Sie au\u00dferdem das Recht, eine Beschwerde bei der spanischen <a href=\"https:\/\/autoselizabeth.com\/de\/datenschutzerklaerung\/\">Datenschutzbeh\u00f6rde<\/a> (Agencia Espa\u00f1ola de Protecci\u00f3n de Datos) einzureichen.<\/li>\r\n<\/ul>\r\nF\u00fcr weitere Informationen besuchen Sie bitte unsere Rechtsseiten und unsere Datenschutzerkl\u00e4rung.[\/vc_column_text][\/vc_column][\/vc_row]<!-- \/wp:post-content --><\/div>","protected":false},"excerpt":{"rendered":"<p>[vc_row][vc_column][vc_empty_space][vc_column_text css=&#8220;&#8220;] IN ORDER FOR YOUR DATA TO BE REGISTERED CORRECTLY, YOU MUST CLICK ON THE \u2018UPDATE\u2019 BUTTON DURING THE PROCESS [\/vc_column_text][vc_column_text css=&#8220;&#8220;] &nbsp; [\/vc_column_text][\/vc_column][\/vc_row][vc_row css=&#8220;.vc_custom_1750579037102{background-color: #FFFFFF !important;border-radius: 3px !important;}&#8220;][vc_column][vc_column_text css=&#8220;&#8220;]Bez\u00fcglich der Verarbeitung Ihrer personenbezogenen Daten f\u00fcr Kontakt und Reservierungen informieren wir Sie \u00fcber Folgendes: Informationen zum Datenschutz: Gem\u00e4\u00df der Datenschutz-Grundverordnung (EU) 2016\/679. Verantwortlicher: Autos [&hellip;]<\/p>\n","protected":false},"author":2,"featured_media":0,"parent":0,"menu_order":5,"comment_status":"closed","ping_status":"closed","template":"","meta":{"footnotes":""},"class_list":["post-1402","page","type-page","status-publish","hentry"],"blocksy_meta":[],"_links":{"self":[{"href":"https:\/\/autoselizabeth.com\/de\/wp-json\/wp\/v2\/pages\/1402","targetHints":{"allow":["GET"]}}],"collection":[{"href":"https:\/\/autoselizabeth.com\/de\/wp-json\/wp\/v2\/pages"}],"about":[{"href":"https:\/\/autoselizabeth.com\/de\/wp-json\/wp\/v2\/types\/page"}],"author":[{"embeddable":true,"href":"https:\/\/autoselizabeth.com\/de\/wp-json\/wp\/v2\/users\/2"}],"replies":[{"embeddable":true,"href":"https:\/\/autoselizabeth.com\/de\/wp-json\/wp\/v2\/comments?post=1402"}],"version-history":[{"count":4,"href":"https:\/\/autoselizabeth.com\/de\/wp-json\/wp\/v2\/pages\/1402\/revisions"}],"predecessor-version":[{"id":2031,"href":"https:\/\/autoselizabeth.com\/de\/wp-json\/wp\/v2\/pages\/1402\/revisions\/2031"}],"wp:attachment":[{"href":"https:\/\/autoselizabeth.com\/de\/wp-json\/wp\/v2\/media?parent=1402"}],"curies":[{"name":"wp","href":"https:\/\/api.w.org\/{rel}","templated":true}]}}