{"id":1465,"date":"2025-04-23T10:45:51","date_gmt":"2025-04-23T08:45:51","guid":{"rendered":"https:\/\/autoselizabeth.com\/terms-and-conditions\/"},"modified":"2025-09-13T16:39:43","modified_gmt":"2025-09-13T14:39:43","slug":"terminos-y-condiciones","status":"publish","type":"page","link":"https:\/\/autoselizabeth.com\/es\/terminos-y-condiciones\/","title":{"rendered":"T\u00e9rminos y condiciones"},"content":{"rendered":"<div class=\"wpb-content-wrapper\"><p>[vc_row][vc_column][vc_empty_space height=\u00bb20px\u00bb][vc_column_text css=\u00bb\u00bb]<\/p>\n<h2 style=\"text-align: left;\">T\u00e9rminos y Condiciones<\/h2>\n<p>[\/vc_column_text][\/vc_column][\/vc_row][vc_row][vc_column width=\u00bb3\/4&#8243; css=\u00bb.vc_custom_1750663375319{background-color: #FFFFFF !important;border-radius: 3px !important;}\u00bb][vc_column_text css=\u00bb\u00bb]<\/p>\n<p>&nbsp;<\/p>\n<p>[\/vc_column_text][vc_column_text css=\u00bb\u00bb]<\/p>\n<h3><\/h3>\n<p><strong>T\u00c9RMINOS DE USO Y EXCENCI\u00d3N DE RESPONSABILIDAD<\/strong><\/p>\n<p>AUTOS ELIZABETH, no se responsabiliza de posibles da\u00f1os que pudiera causar al usuario un uso incorrecto, err\u00f3neo o indebido de los servicios y contenidos de esta Web por parte de \u00e9ste.<\/p>\n<p>AUTOS ELIZABETH se reserva el derecho de modificar sin previo aviso la estructura de su Web, tanto en la forma como en los contenidos<\/p>\n<p>Estas cl\u00e1usulas no tienen por objeto limitar la responsabilidad de AENOR, de forma contraria a lo dispuesto por la normativa espa\u00f1ola aplicable, ni excluir su responsabilidad en los casos en los que, en virtud de dicha normativa, no pueda excluirse<\/p>\n<p><strong>DERECHO DE LA PROPIEDAD INTELECTUAL O INDUSTRIAL<\/strong><\/p>\n<p>AUTOS ELIZABETH es titular de los derechos de Propiedad Intelectual e industrial sobre la p\u00e1gina Web, su dise\u00f1o gr\u00e1fico y sus contenidos<\/p>\n<p>No est\u00e1 permitida la reproducci\u00f3n, ni en todo ni en parte, la distribuci\u00f3n, comercializaci\u00f3n o transformaci\u00f3n de esta p\u00e1gina sin la previa autorizaci\u00f3n por escrito de AUTOS ELIZABETH<\/p>\n<p><strong>PROTECCI\u00d3N DE DATOS PERSONALES<\/strong><\/p>\n<p>En virtud de lo dispuesto en la Ley Org\u00e1nica 15\/1999, de 13 de diciembre, de Protecci\u00f3n de Datos de Car\u00e1cter Personal, le informamos que los datos personales que usted nos facilite quedar\u00e1n incorporados y ser\u00e1n tratados en los ficheros titularidad de AUTOS ELIZABETH RENT A CAR S.L., con el fin de poder atender su petici\u00f3n y prestarle el servicio solicitado, as\u00ed como para mantenerle informado, incluso por medios electr\u00f3nicos, sobre cuestiones relativas a la actividad de la empresa y sus servicios. Asimismo, le informamos de la posibilidad de ejercer, en cualquier momento, los derechos de acceso, rectificaci\u00f3n, cancelaci\u00f3n y oposici\u00f3n de sus datos de car\u00e1cter personal mediante escrito<\/p>\n<p><em>En cumplimiento del REGLAMENTO (UE) 2016\/679, y en relaci\u00f3n al tratamiento de sus datos personales, le informamos de lo siguiente:\u00a0<strong>Responsable:<\/strong>\u00a0El responsable del tratamiento es Autos Elizabeth Rent a Car SL <strong>Finalidad:<\/strong>\u00a0Env\u00edo de informaci\u00f3n, respuesta a sus consultas y peticiones, mientras dure nuestra relaci\u00f3n y tengamos su consentimiento.\u00a0<strong>Legitimaci\u00f3n:<\/strong>\u00a0Ejecuci\u00f3n de contrato o consentimiento del interesado.\u00a0<strong>Destinatarios:<\/strong>\u00a0No se ceder\u00e1n datos a terceros salvo obligaci\u00f3n legal.\u00a0<strong>Derechos<\/strong> Puede ejercer los derechos de acceso, rectificaci\u00f3n, supresi\u00f3n y portabilidad de sus datos, y la limitaci\u00f3n u oposici\u00f3n al tratamiento utilizando nuestro PORTAL DE EJERCICIO DE DERECHOS, en\u00a0<a href=\"https:\/\/www.adelopd.com\/portalderechos\/elizabeth-rent-a-car-sl\" target=\"_blank\" rel=\"noopener\">https:\/\/www.adelopd.com\/portalderechos\/elizabeth-rent-a-car-sl<\/a> En caso de disconformidad con el tratamiento, tambi\u00e9n tiene derecho a presentar una reclamaci\u00f3n ante la Agencia Espa\u00f1ola de Protecci\u00f3n de Datos.\u00a0<strong>M\u00e1s informaci\u00f3n:<\/strong>\u00a0<a href=\"https:\/\/www.adelopd.com\/privacidad\/elizabeth-rent-a-car-sl\" target=\"_blank\" rel=\"noopener\">https:\/\/www.adelopd.com\/privacidad\/elizabeth-rent-a-car-sl<\/a><\/em><\/p>\n<p>[\/vc_column_text][\/vc_column][vc_column width=\u00bb1\/4&#8243;][vc_custom_heading text=\u00bbP\u00e1g. Legales\u00bb font_container=\u00bbtag:h5|text_align:left\u00bb use_theme_fonts=\u00bbyes\u00bb css=\u00bb\u00bb][vc_column_text css=\u00bb\u00bb]<\/p>\n<p>POL\u00cdTICA DE COOKIES\u00a0<a href=\"https:\/\/autoselizabeth.com\/es\/politica-de-cookies\/\" target=\"_blank\" rel=\"noopener\">VER &gt; Utilizamos cookies para facilitar el uso de nuestra p\u00e1gina web.<\/a><\/p>\n<p>T\u00c9RMINOS Y CONDICIONES\u00a0<a href=\"https:\/\/autoselizabeth.com\/es\/terminos-y-condiciones\/\" target=\"_blank\" rel=\"noopener\">VER &gt; Condiciones Generales de Alquiler<\/a><\/p>\n<p>POL\u00cdTICA DE PRIVACIDAD\u00a0<a href=\"https:\/\/autoselizabeth.com\/es\/politica-de-privacidad\/\" target=\"_blank\" rel=\"noopener\">VER &gt; Qu\u00e9 datos recopilamos y para qu\u00e9<\/a><\/p>\n<p>AVISO LEGAL\u00a0<a href=\"https:\/\/autoselizabeth.com\/es\/aviso-legal\/\" target=\"_blank\" rel=\"noopener\">VER &gt; tratamiento de los datos de car\u00e1cter personal<\/a><\/p>\n<p>C\u00d3DIGO DE CONDUCTA\u00a0<a href=\"https:\/\/autoselizabeth.com\/es\/codigo-de-conducta\/\" target=\"_blank\" rel=\"noopener\">VER &gt; nuestro c\u00f3digo de conducta de empresa\u00a0<\/a><\/p>\n<p>LEY DE TRANSPARENCIA CANARIA\u00a0<a href=\"https:\/\/autoselizabeth.com\/es\/transparencia\/\" target=\"_blank\" rel=\"noopener\">VER &gt; informaci\u00f3n sobre nuestra empresa, conforme a la \u00abLey Canaria de Transparencia y de Acceso a la Informaci\u00f3n P\u00fablica del Gobierno de Canarias\u00bb\u00a0<\/a><\/p>\n<p>[\/vc_column_text][\/vc_column][\/vc_row]<\/p>\n<\/div>","protected":false},"excerpt":{"rendered":"<p>[vc_row][vc_column][vc_empty_space height=\u00bb20px\u00bb][vc_column_text css=\u00bb\u00bb] T\u00e9rminos y Condiciones [\/vc_column_text][\/vc_column][\/vc_row][vc_row][vc_column width=\u00bb3\/4&#8243; css=\u00bb.vc_custom_1750663375319{background-color: #FFFFFF !important;border-radius: 3px !important;}\u00bb][vc_column_text css=\u00bb\u00bb] &nbsp; [\/vc_column_text][vc_column_text css=\u00bb\u00bb] T\u00c9RMINOS DE USO Y EXCENCI\u00d3N DE RESPONSABILIDAD AUTOS ELIZABETH, no se responsabiliza de posibles da\u00f1os que pudiera causar al usuario un uso incorrecto, err\u00f3neo o indebido de los servicios y contenidos de esta Web por parte de \u00e9ste. [&hellip;]<\/p>\n","protected":false},"author":2,"featured_media":0,"parent":0,"menu_order":0,"comment_status":"closed","ping_status":"closed","template":"","meta":{"footnotes":""},"class_list":["post-1465","page","type-page","status-publish","hentry"],"blocksy_meta":[],"_links":{"self":[{"href":"https:\/\/autoselizabeth.com\/es\/wp-json\/wp\/v2\/pages\/1465","targetHints":{"allow":["GET"]}}],"collection":[{"href":"https:\/\/autoselizabeth.com\/es\/wp-json\/wp\/v2\/pages"}],"about":[{"href":"https:\/\/autoselizabeth.com\/es\/wp-json\/wp\/v2\/types\/page"}],"author":[{"embeddable":true,"href":"https:\/\/autoselizabeth.com\/es\/wp-json\/wp\/v2\/users\/2"}],"replies":[{"embeddable":true,"href":"https:\/\/autoselizabeth.com\/es\/wp-json\/wp\/v2\/comments?post=1465"}],"version-history":[{"count":4,"href":"https:\/\/autoselizabeth.com\/es\/wp-json\/wp\/v2\/pages\/1465\/revisions"}],"predecessor-version":[{"id":1466,"href":"https:\/\/autoselizabeth.com\/es\/wp-json\/wp\/v2\/pages\/1465\/revisions\/1466"}],"wp:attachment":[{"href":"https:\/\/autoselizabeth.com\/es\/wp-json\/wp\/v2\/media?parent=1465"}],"curies":[{"name":"wp","href":"https:\/\/api.w.org\/{rel}","templated":true}]}}